{"id":6518,"date":"2024-11-06T15:32:23","date_gmt":"2024-11-06T18:32:23","guid":{"rendered":"https:\/\/educaremt.com.br\/web\/?page_id=6518"},"modified":"2025-01-07T16:53:12","modified_gmt":"2025-01-07T19:53:12","slug":"institucional","status":"publish","type":"page","link":"https:\/\/educaremt.com.br\/web\/institucional\/","title":{"rendered":"Institucional"},"content":{"rendered":"\t\t<div data-elementor-type=\"wp-page\" data-elementor-id=\"6518\" class=\"elementor elementor-6518\" data-elementor-post-type=\"page\">\n\t\t\t\t<div class=\"elementor-element elementor-element-83e9d36 e-con-full e-flex e-con e-parent\" data-id=\"83e9d36\" data-element_type=\"container\">\n\t\t\r\n\r\n\t\t<\/div>\n\t\t<div class=\"elementor-element elementor-element-440253e e-flex e-con-boxed e-con e-parent\" data-id=\"440253e\" data-element_type=\"container\">\n\t\t\t\t\t<div class=\"e-con-inner\">\n\t\t\t\t<div class=\"elementor-element elementor-element-4ed6dc9 e-n-tabs-mobile elementor-widget elementor-widget-n-tabs\" data-id=\"4ed6dc9\" data-element_type=\"widget\" data-settings=\"{&quot;tabs_justify_horizontal&quot;:&quot;stretch&quot;,&quot;horizontal_scroll&quot;:&quot;disable&quot;}\" data-widget_type=\"nested-tabs.default\">\n\t\t\t\t\t\t\t<div class=\"e-n-tabs\" data-widget-number=\"82669001\" aria-label=\"Abas. Abra itens com &quot;Enter&quot; ou &quot;Espa\u00e7o&quot;, feche com &quot;Escape&quot; e navegue usando as teclas de &quot;Seta&quot;.\">\n\t\t\t<div class=\"e-n-tabs-heading\" role=\"tablist\">\n\t\t\t\t\t<button id=\"e-n-tab-title-826690011\" class=\"e-n-tab-title\" aria-selected=\"true\" data-tab-index=\"1\" role=\"tab\" tabindex=\"0\" aria-controls=\"e-n-tab-content-826690011\" style=\"--n-tabs-title-order: 1;\">\n\t\t\t\t\t\t<span class=\"e-n-tab-title-text\">\n\t\t\t\tIntrodu\u00e7\u00e3o\t\t\t<\/span>\n\t\t<\/button>\n\t\t\t\t<button id=\"e-n-tab-title-826690012\" class=\"e-n-tab-title\" aria-selected=\"false\" data-tab-index=\"2\" role=\"tab\" tabindex=\"-1\" aria-controls=\"e-n-tab-content-826690012\" style=\"--n-tabs-title-order: 2;\">\n\t\t\t\t\t\t<span class=\"e-n-tab-title-text\">\n\t\t\t\tQuem Somos\t\t\t<\/span>\n\t\t<\/button>\n\t\t\t\t<button id=\"e-n-tab-title-826690013\" class=\"e-n-tab-title\" aria-selected=\"false\" data-tab-index=\"3\" role=\"tab\" tabindex=\"-1\" aria-controls=\"e-n-tab-content-826690013\" style=\"--n-tabs-title-order: 3;\">\n\t\t\t\t\t\t<span class=\"e-n-tab-title-text\">\n\t\t\t\tMiss\u00e3o\t\t\t<\/span>\n\t\t<\/button>\n\t\t\t\t\t<\/div>\n\t\t\t<div class=\"e-n-tabs-content\">\n\t\t\t\t<div id=\"e-n-tab-content-826690011\" role=\"tabpanel\" aria-labelledby=\"e-n-tab-title-826690011\" data-tab-index=\"1\" style=\"--n-tabs-title-order: 1;\" class=\"e-active elementor-element elementor-element-bb35296 e-con-full e-flex e-con e-child\" data-id=\"bb35296\" data-element_type=\"container\">\n\t\t<div class=\"elementor-element elementor-element-09f4a5f e-flex e-con-boxed e-con e-child\" data-id=\"09f4a5f\" data-element_type=\"container\">\n\t\t\t\t\t<div class=\"e-con-inner\">\n\t\t\t\t<div class=\"elementor-element elementor-element-e31b36a elementor-widget elementor-widget-text-editor\" data-id=\"e31b36a\" data-element_type=\"widget\" data-widget_type=\"text-editor.default\">\n\t\t\t\t\t\t\t\t\t<p>De acordo com os bons dicion\u00e1rios, EDUCAR, do latim educare, \u00e9 promover o processo de desenvolvimento da capacidade f\u00edsica, intelectual e moral da crian\u00e7a e do ser humano em geral, visando \u00e0 sua melhor integra\u00e7\u00e3o individual e social. <br \/>Foi exatamente com essa vis\u00e3o que nasceu a Faculdade EduCareMT: promover o ser humano nas suas mais variadas dimens\u00f5es, ajudando-o a descobrir seus talentos e valores, desenvolv\u00ea-los e us\u00e1-los para a promo\u00e7\u00e3o de outros, criando uma corrente viva de solidariedade e permanente interc\u00e2mbio do saber.<br \/>Todos que vivemos na Era da Informa\u00e7\u00e3o sabemos da import\u00e2ncia da educa\u00e7\u00e3o cont\u00ednua, por isso \u00e9 bem apropriado o uso pronominal do nosso verbo educar-se com o sentido de cultivar o esp\u00edrito. De fato, buscando as ra\u00edzes do voc\u00e1bulo latino educare, encontramos educere, que significa tirar de dentro.<br \/>A Faculdade EduCareMT, assim, comprometido com a comunidade, apresenta seus servi\u00e7os desenvolvendo a\u00e7\u00f5es que objetivam a capacita\u00e7\u00e3o dos profissionais na perspectiva cr\u00edtica dos saberes, numa dimens\u00e3o pessoal\/singular e coletiva\/social, promovendo a equidade de acesso e perman\u00eancia aos centros de estudos e pesquisas conquistando a meta de uma EDUCA\u00c7\u00c3O PARA TODOS.<\/p>\t\t\t\t\t\t\t\t<\/div>\n\t\t\t\t\t<\/div>\n\t\t\t\t<\/div>\n\t\t\t\t<\/div>\n\t\t<div id=\"e-n-tab-content-826690012\" role=\"tabpanel\" aria-labelledby=\"e-n-tab-title-826690012\" data-tab-index=\"2\" style=\"--n-tabs-title-order: 2;\" class=\" elementor-element elementor-element-dd74cc6 e-con-full e-flex e-con e-child\" data-id=\"dd74cc6\" data-element_type=\"container\">\n\t\t\t\t<div class=\"elementor-element elementor-element-0ba9c66 elementor-widget elementor-widget-text-editor\" data-id=\"0ba9c66\" data-element_type=\"widget\" data-widget_type=\"text-editor.default\">\n\t\t\t\t\t\t\t\t\tSomos movidos pela educa\u00e7\u00e3o e enxergamos o mundo de um jeito diferente. A EduCareMT empodera e conecta seus alunos a uma rede de Docentes altamente qualificada, ao todo s\u00e3o de 16 anos de trajet\u00f3ria, caminho este que iniciou com a forma\u00e7\u00e3o de mais 7 Mil P\u00f3s-Graduandos ao longo desses 17 anos, em todo o MT, e alguns munic\u00edpios de RO.<\/br>\n\nNossa Hist\u00f3ria no MT come\u00e7a em 2007 e, desde ent\u00e3o, n\u00e3o paramos de crescer. Transformamos a vida de milhares de Jovens Profissionais, oferecendo-lhes infraestrutura de alto padr\u00e3o, qualidade acad\u00eamica, experi\u00eancias de aprendizado e suporte acad\u00eamico e profissional.<\/br>\n\n\u00c9 assim que abrimos as portas do mundo para nossos Estudantes.<\/br>\n\nOs marcos legais atualizados da IES s\u00e3o: (i) Autoriza\u00e7\u00e3o de Credenciamento da IES, FACULDADE EduCareMT (19866) Portaria MEC *N\u25e6 1.022 de 23\/08\/2017 \u2013 Data de Publica\u00e7\u00e3o 24\/08\/2017 \u2013 N*Parecer\/Despacho: Portaria GM\/ME \u2013 Data do Despacho: 23\/08\/2017. Rua Rio da Casca No.18 QD 28 \u2013 Cuiab\u00e1\/MT CEP: 78065660. (ii) Autoriza\u00e7\u00e3o de Funcionamento do Curso Portaria MEC *N\u25e6 942 de 29\/08\/2017 \u2013 Data de Publica\u00e7\u00e3o 30\/08\/2017.<\/br>\n\nOs cursos da EduCareMT acompanham as tend\u00eancias do mercado e adotam pr\u00e1ticas pedag\u00f3gicas que associam teoria e pr\u00e1tica, dentro e fora da institui\u00e7\u00e3o, trabalhos de campo, semanas acad\u00eamicas especiais, inicia\u00e7\u00e3o cient\u00edfica, est\u00e1gios, projetos de extens\u00e3o e trabalhos interdisciplinares de Gradua\u00e7\u00e3o, que acontecem desde o primeiro semestre cursado e refor\u00e7am o compromisso da institui\u00e7\u00e3o com a educa\u00e7\u00e3o continuada e sucesso do profissional no mercado de trabalho.<\/br>\n\nContamos tamb\u00e9m com o apoio de um Corpo Docente formado por professores Mestres e Doutores gabaritados e com vasta experi\u00eancia profissional e acad\u00eamica, trabalhando para que nossos alunos se tornem profissionais completos.<\/br>\n\nNos dedicamos a buscar novas tend\u00eancias para aprimorar nossos cursos e formar profissionais preparados para enfrentar os desafios cotidianos da profiss\u00e3o, trabalhamos n\u00e3o s\u00f3 no ensino de qualidade, mas tamb\u00e9m em um espa\u00e7o de integra\u00e7\u00e3o que permite o desenvolvimento profissional e humano da comunidade acad\u00eamica e comunidade da grande Cuiab\u00e1-MT e todo o Mato-Grosso.\t\t\t\t\t\t\t\t<\/div>\n\t\t\t\t<\/div>\n\t\t<div id=\"e-n-tab-content-826690013\" role=\"tabpanel\" aria-labelledby=\"e-n-tab-title-826690013\" data-tab-index=\"3\" style=\"--n-tabs-title-order: 3;\" class=\" elementor-element elementor-element-f6130a4 e-con-full e-flex e-con e-child\" data-id=\"f6130a4\" data-element_type=\"container\">\n\t\t\t\t<div class=\"elementor-element elementor-element-220d29b elementor-widget elementor-widget-text-editor\" data-id=\"220d29b\" data-element_type=\"widget\" data-widget_type=\"text-editor.default\">\n\t\t\t\t\t\t\t\t\t\u201cSer uma institui\u00e7\u00e3o de ensino de educa\u00e7\u00e3o superior, comprometida com a causa da educa\u00e7\u00e3o, visando: capacitar profissionais, para serem competentes e \u00e9ticos, tecnicamente e emocionalmente, conscientes que servir\u00e3o pessoas, institui\u00e7\u00f5es e toda a sociedade, atendendo \u00e0s suas necessidades com qualidade superior\u201d.<\/br>\n\n<strong>CARE<\/strong><\/br>\n\n\nA cultura do Care \u00e9 muito forte, servimos nossos alunos e uns aos outros com paix\u00e3o, respeito, cuidado e acolhimento. Trabalhamos para estimular o crescimento e desenvolvimento de toda a comunidade, alunos, professores e colaboradores. Temos sentimento de propriedade, demostramos coragem quando nos pronunciamos e agimos com integridade em tudo que fazemos.\n\nUma das maneiras de traduzir o nosso cuidado no dia a dia dos alunos \u00e9 promovendo melhorias na infraestrutura, na qualidade acad\u00eamica. Movemo-nos rapidamente, constru\u00edmos um esp\u00edrito positivo e sempre buscamos um caminho melhor. O cuidado engloba atos, comportamentos e atitudes.\n\nSeja voc\u00ea tamb\u00e9m um provedor do cuidar do outro, junte-se a n\u00f3s Porque Ser Care Faz Toda A Diferen\u00e7a.\t\t\t\t\t\t\t\t<\/div>\n\t\t\t\t<\/div>\n\t\t\t\t\t<\/div>\n\t\t<\/div>\n\t\t\t\t\t\t<\/div>\n\t\t\t\t\t<\/div>\n\t\t\t\t<\/div>\n\t\t\t\t<\/div>\n\t\t","protected":false},"excerpt":{"rendered":"<p>Introdu\u00e7\u00e3o Quem Somos Miss\u00e3o De acordo com os bons dicion\u00e1rios, EDUCAR, do latim educare, \u00e9 promover o processo de desenvolvimento da capacidade f\u00edsica, intelectual e moral da crian\u00e7a e do ser humano em geral, visando \u00e0 sua melhor integra\u00e7\u00e3o individual e social. Foi exatamente com essa vis\u00e3o que nasceu a Faculdade EduCareMT: promover o ser&#8230;<\/p>\n","protected":false},"author":1,"featured_media":0,"parent":0,"menu_order":0,"comment_status":"closed","ping_status":"closed","template":"redux-templates_canvas","meta":{"footnotes":""},"class_list":["post-6518","page","type-page","status-publish","hentry"],"_links":{"self":[{"href":"https:\/\/educaremt.com.br\/web\/wp-json\/wp\/v2\/pages\/6518","targetHints":{"allow":["GET"]}}],"collection":[{"href":"https:\/\/educaremt.com.br\/web\/wp-json\/wp\/v2\/pages"}],"about":[{"href":"https:\/\/educaremt.com.br\/web\/wp-json\/wp\/v2\/types\/page"}],"author":[{"embeddable":true,"href":"https:\/\/educaremt.com.br\/web\/wp-json\/wp\/v2\/users\/1"}],"replies":[{"embeddable":true,"href":"https:\/\/educaremt.com.br\/web\/wp-json\/wp\/v2\/comments?post=6518"}],"version-history":[{"count":31,"href":"https:\/\/educaremt.com.br\/web\/wp-json\/wp\/v2\/pages\/6518\/revisions"}],"predecessor-version":[{"id":8737,"href":"https:\/\/educaremt.com.br\/web\/wp-json\/wp\/v2\/pages\/6518\/revisions\/8737"}],"wp:attachment":[{"href":"https:\/\/educaremt.com.br\/web\/wp-json\/wp\/v2\/media?parent=6518"}],"curies":[{"name":"wp","href":"https:\/\/api.w.org\/{rel}","templated":true}]}}